{"id":235,"date":"2024-03-21T09:20:37","date_gmt":"2024-03-21T09:20:37","guid":{"rendered":"https:\/\/basilicaconcepcion.es\/?page_id=235"},"modified":"2024-05-08T10:49:25","modified_gmt":"2024-05-08T10:49:25","slug":"historia","status":"publish","type":"page","link":"https:\/\/basilicaconcepcion.es\/index.php\/historia\/","title":{"rendered":"Historia"},"content":{"rendered":"<p>[et_pb_section fb_built=\u00bb1&#8243; admin_label=\u00bbHeader\u00bb _builder_version=\u00bb4.25.0&#8243; _module_preset=\u00bbdefault\u00bb use_background_color_gradient=\u00bbon\u00bb background_color_gradient_stops=\u00bbrgba(0,0,0,0.5) 0%|rgba(0,0,0,0.18) 100%\u00bb background_color_gradient_overlays_image=\u00bbon\u00bb background_image=\u00bbhttps:\/\/basilicaconcepcion.es\/wp-content\/uploads\/2024\/03\/img_16.jpg\u00bb custom_padding=\u00bb3vw||3vw||true|false\u00bb hover_enabled=\u00bb0&#8243; locked=\u00bboff\u00bb collapsed=\u00bbon\u00bb global_colors_info=\u00bb{}\u00bb title_text=\u00bbimg_16&#8243; sticky_enabled=\u00bb0&#8243;][et_pb_row _builder_version=\u00bb4.20.0&#8243; _module_preset=\u00bbdefault\u00bb global_colors_info=\u00bb{}\u00bb][et_pb_column type=\u00bb4_4&#8243; _builder_version=\u00bb4.20.0&#8243; _module_preset=\u00bbdefault\u00bb global_colors_info=\u00bb{}\u00bb][et_pb_text _builder_version=\u00bb4.25.0&#8243; _module_preset=\u00bb89b47a2b-3bb2-4919-85b2-8f5d1a04fc39&#8243; header_text_color=\u00bb#FFFFFF\u00bb text_orientation=\u00bbcenter\u00bb hover_enabled=\u00bb0&#8243; global_colors_info=\u00bb{}\u00bb sticky_enabled=\u00bb0&#8243;]<\/p>\n<h1 style=\"text-align: right;\">HISTORIA<\/h1>\n<p>[\/et_pb_text][\/et_pb_column][\/et_pb_row][\/et_pb_section][et_pb_section fb_built=\u00bb1&#8243; admin_label=\u00bbAbout\u00bb _builder_version=\u00bb4.16&#8243; _module_preset=\u00bbdefault\u00bb background_color=\u00bb#000000&#8243; background_enable_image=\u00bboff\u00bb global_colors_info=\u00bb{}\u00bb][et_pb_row _builder_version=\u00bb4.16&#8243; _module_preset=\u00bbdefault\u00bb global_colors_info=\u00bb{}\u00bb][et_pb_column type=\u00bb4_4&#8243; _builder_version=\u00bb4.16&#8243; _module_preset=\u00bbdefault\u00bb global_colors_info=\u00bb{}\u00bb][et_pb_text _builder_version=\u00bb4.24.2&#8243; _module_preset=\u00bb003e9429-8e11-4d9e-968b-8881092bbf81&#8243; header_2_font=\u00bbRoboto|500|||||||\u00bb header_2_text_align=\u00bbcenter\u00bb header_2_text_color=\u00bb#FFFFFF\u00bb header_2_font_size=\u00bb40px\u00bb header_2_line_height=\u00bb1.2em\u00bb header_2_font_size_tablet=\u00bb30px\u00bb header_2_font_size_phone=\u00bb20px\u00bb header_2_font_size_last_edited=\u00bbon|desktop\u00bb locked=\u00bboff\u00bb global_colors_info=\u00bb{}\u00bb]<\/p>\n<h2>Una Parroquia en Madrid dedicada a La Concepci\u00f3n Inmaculada de Nuestra Se\u00f1ora<\/h2>\n<p>[\/et_pb_text][et_pb_text _builder_version=\u00bb4.24.2&#8243; _module_preset=\u00bb7262e956-c376-4aa6-9642-c413f71527d0&#8243; text_text_color=\u00bbrgba(255,255,255,0.7)\u00bb text_line_height=\u00bb1.8em\u00bb text_orientation=\u00bbcenter\u00bb custom_padding=\u00bb||0px|||\u00bb header_font_size_tablet=\u00bb55px\u00bb header_font_size_last_edited=\u00bboff|desktop\u00bb locked=\u00bboff\u00bb global_colors_info=\u00bb{}\u00bb]<\/p>\n<p style=\"text-align: left;\"><span class=\"destaca\"><img loading=\"lazy\" decoding=\"async\" src=\"https:\/\/basilicaconcepcion.es\/wp-content\/uploads\/2024\/03\/historia_1.jpg\" width=\"262\" height=\"170\" alt=\"\" class=\"wp-image-240 alignright size-full\" style=\"display: block; margin-left: auto; margin-right: auto;\" \/>Tres lustros hab\u00edan pasado desde la proclamaci\u00f3n por el Papa P\u00edo IX del Dogma de la Inmaculada Concepci\u00f3n de la Virgen Mar\u00eda, cuando se plantea en Madrid la construcci\u00f3n de una parroquia consagrada a este Sagrado Misterio.<\/span><span><\/span><\/p>\n<p style=\"text-align: left;\"><span>La capital era en los meses finales de 1869 un hervidero de rumores, un foco constante de inestabilidad pol\u00edtica y un permanente fermento de agitaci\u00f3n social.<\/span><\/p>\n<p style=\"text-align: left;\"><span>Destronada Isabel II por la Revoluci\u00f3n de Oto\u00f1o de 1868, las Cortes Constituyentes est\u00e1n debatiendo de manera encendida, en abril de 1869, el proyecto de una nueva Constituci\u00f3n. Uno de los temas que m\u00e1s discusiones provoc\u00f3 fue el de la libertad de cultos y, consecuentemente, la separaci\u00f3n entre la Iglesia y el Estado, discusiones que \u00abla calle\u00bb acogi\u00f3 de manera crispada.<\/span><\/p>\n<p style=\"text-align: left;\"><span><img loading=\"lazy\" decoding=\"async\" src=\"https:\/\/basilicaconcepcion.es\/wp-content\/uploads\/2024\/03\/historia_2.jpg\" width=\"171\" height=\"249\" alt=\"\" class=\"wp-image-241 alignleft size-full\" \/>En este clima de incertidumbre y desasosiego, prolongado durante meses, se re\u00fane en el domicilio del Conde de Alvar F\u00e1\u00f1ez, el 23 de diciembre de 1869, seg\u00fan reza en el \u00abLibro de Actas de la Junta Constructora de la Iglesia Cat\u00f3lica de la Concepci\u00f3n\u00bb, un grupo de cat\u00f3licos con el prop\u00f3sito de construir, en el barrio de Salamanca, un iglesia consagrada a la Inmaculada Concepci\u00f3n de Mar\u00eda.<\/span><\/p>\n<p style=\"text-align: left;\">La preocupaci\u00f3n social y religiosa de los reunidos queda plasmada en la declaraci\u00f3n de intenciones que, as\u00ed mismo, figura en la primera de las actas recogidas en el libro mencionado:<\/p>\n<p style=\"text-align: left;\">\u00abEn el nombre de Dios. As\u00ed dio principio, Se\u00f1ores, el diario de navegaci\u00f3n del inmortal Col\u00f3n, al partir del puerto de Palos en busca del nuevo mundo; y al buscar nosotros un sitio de recogimiento y devoci\u00f3n para consuelo de nuestras familias y convecinos de este barrio llamado de Salamanca, debemos imitar al gran navegante comenzando en el nombre de Dios esta obra de religiosidad cristiana, seguros de que el Se\u00f1or nos ayudar\u00e1 para su realizaci\u00f3n. La realizaci\u00f3n de una iglesia en el barrio de Salamanca, es tan apremiante como indispensable. Surtido ya el barrio de todo lo necesario a la vida material, es llegado el caso de ocupamos de la instrucci\u00f3n y alimento del alma, construyendo un Templo cat\u00f3lico, apost\u00f3lico, Romano&#8230;\u00bb(1)<\/p>\n<p style=\"text-align: left;\">El acuerdo tomado por esta Junta Inaugural, consta literalmente as\u00ed en el Libro de Actas:<\/p>\n<p style=\"text-align: left;\">En el nombre de Dios: reunidos los cat\u00f3licos que suscriben y constan al margen, en el domicilio del Excmo. Se\u00f1or Conde de Alvar F\u00e1\u00f1ez y por \u00e9l Presididos, acordaron fundar con el t\u00edtulo de La Pur\u00edsima Concepci\u00f3n, una Sociedad piadosa para erigir en el barrio de Salamanca de esta Capital un Templo en honor y gloria de Dios Nuestro Se\u00f1or, bajo la advocaci\u00f3n de su Sant\u00edsima Madre la Virgen Mar\u00eda en el Sagrado Misterio de su Concepci\u00f3n Inmaculada\u00bb .(2)<\/p>\n<p style=\"text-align: left;\">Por otra parte, en aquella reuni\u00f3n se someten a deliberaci\u00f3n y son aprobadas las bases de actuaci\u00f3n siguientes:<\/p>\n<p style=\"text-align: left;\">Confiar \u00e1 nuestras madres, \u00e1 nuestras esposas, \u00e1 nuestras hijas, \u00e1 una junta o comisi\u00f3n de Se\u00f1oras el cuidado de allegar fondos. La propaganda ser\u00e1 fecunda y provechosa; confiamos \u00e1 su religiosidad, \u00e1 su ternura, \u00e1 su ardiente fervor y \u00e1 su poderosa influencia, la realizaci\u00f3n de la Cat\u00f3lica obra.<br \/>Naturalmente debemos elegir una Junta Directiva de entre nosotros, para todo aquello que no sea compatible con los trabajos propios de las Se\u00f1oras.<br \/>Elegir la Junta de Se\u00f1oras que se asociar\u00e1n de todas las dem\u00e1s que crean convenientes para organizar y repartirse los trabajos.<br \/>Las vacantes que por cualquier concepto ocurran, ser\u00e1n reemplazadas por elecci\u00f3n, reuni\u00e9ndose al efecto la Junta de Se\u00f1oras y Se\u00f1ores designadas<br \/>Aprobar igualmente la circular que debe pasarse a los vecinos del barrio y a los de la Capital que se crea conveniente en demanda de auxilio, de la cual presentamos tambi\u00e9n proyecto.<br \/>Aunque el tiempo ha sido escaso, presentamos en borrador un plan-proyecto de la Capilla, encomendado al Sr. Coronel del Cuerpo de Ingenieros del Ej\u00e9rcito Don Francisco Javier Paz, el cual, a pesar de sus muchas y perentorias ocupaciones, se ha ofrecido a dirigir la construcci\u00f3n del Templo.\u00bb (3)<\/p>\n<p style=\"text-align: left;\">Las ideas que sobre la construcci\u00f3n y funcionalidad de la nueva iglesia pose\u00eda la Junta, quedaron totalmente explicitadas en aquella reuni\u00f3n y convenientemente recogidas en el Libro de Actas, del que trascribimos a continuaci\u00f3n:<\/p>\n<p style=\"text-align: left;\">\u00abQuisi\u00e9ramos que adem\u00e1s de la modesta habitaci\u00f3n para el Sr. Cura o Capell\u00e1n, en la planta baja se construyera otro local destinado a dar educaci\u00f3n primaria a veinticuatro ni\u00f1as pobres del barrio, que ser\u00e1n el precioso plantel de otras tantas familias que rendir\u00e1n culto a la Inmaculada Virgen Mar\u00eda. El Templo ser\u00e1 reducido, si bien capaz para las necesidades del barrio. Su construcci\u00f3n ser\u00e1 de gran severidad, alej\u00e1ndonos de todo lujo y adorno, tanto para hacer m\u00e1s f\u00e1cil y pronta la ejecuci\u00f3n de la obra, como para evitar gastos. Como signo de pureza, el Templo estar\u00e1 interiormente estucado en blanco, sin m\u00e1s altares que tres: Uno, el retablo con la Imagen en escultura de la Inmaculada Virgen Mar\u00eda, bajo cuya protecci\u00f3n construimos el Templo; otro, a la derecha, bajo la advocaci\u00f3n de San Vicente Ferrer&#8230;, y otro a la izquierda, dedicado a San Francisco Javier.\u00bb (4)<\/p>\n<p style=\"text-align: left;\">La circular a la que se hace menci\u00f3n en el punto 5 de las bases anteriormente rese\u00f1adas, estaba destinada a hacer un llamamiento personal al fervor religioso de los destinatarios, e iba redactada en los t\u00e9rminos siguientes:<\/p>\n<p style=\"text-align: left;\"><img loading=\"lazy\" decoding=\"async\" src=\"https:\/\/basilicaconcepcion.es\/wp-content\/uploads\/2024\/03\/historia_3.jpg\" width=\"247\" height=\"361\" alt=\"\" class=\"wp-image-242 alignright size-full\" srcset=\"https:\/\/basilicaconcepcion.es\/wp-content\/uploads\/2024\/03\/historia_3.jpg 247w, https:\/\/basilicaconcepcion.es\/wp-content\/uploads\/2024\/03\/historia_3-205x300.jpg 205w\" sizes=\"(max-width: 247px) 100vw, 247px\" \/>\u00abNunca como en los tiempos que alcanzamos, ha sido tan necesario el concurso, la piedad y el esfuerzo de todos los fieles cristianos, para el sostenimiento y propagaci\u00f3n de la Religi\u00f3n Cat\u00f3lica que heredamos de nuestros antepasados, puesto que tan activa y decidida se presenta la propaganda de las dem\u00e1s religiones y sectas, particularmente de la protestante&#8230;<\/p>\n<p style=\"text-align: left;\">El nuevo barrio de Salamanca carece de iglesia; posible es que en \u00e9l se intente edificar alguna mezquita, sinagoga o iglesia protestante, y por eso es de imperiosa necesidad erigir all\u00ed un templo a la Madre del Salvador, a la Inmaculada Reina de los Angeles, bajo cuyo especial amparo y protecci\u00f3n hemos de conseguir el m\u00e1s glorioso triunfo&#8230;<br \/>Para aquel objeto contamos con solar suficiente, debido a la piedad cristiana de algunos de nuestros hermanos. Contamos con algunos, aunque peque\u00f1os, recursos propios; y contamos tambi\u00e9n muy principalmente, con las limosnas de los fieles&#8230;\u00bb (5) De todo ello la Junta da cuenta al Excmo. Sr. Marqu\u00e9s de Salamanca, propietario y constructor del barrio, quien hace suyo este feliz pensamiento, as\u00ed como a la Direcci\u00f3n de la Sociedad de Cr\u00e9dito Comercial, que era la propietaria de los terrenos y que don\u00f3 la parcela ubicada en la calle de Hermosilla esquina a la de Claudio Coello(6), dentro de la identificada como manzana 211 .<br \/>Sin perder tiempo comienzan las gestiones: se adopta un nuevo proyecto presentado por don Leonardo de Santiago, y se trata con don Jacinto Mar\u00eda Ruiz, director de la Sociedad de Cr\u00e9dito Comercial, a fin de ponerse de acuerdo en todo lo referente a la obra, lleg\u00e1ndose a la conclusi\u00f3n de que los trabajos como la construcci\u00f3n al menos de una Capilla es apremiante, se empiecen por la parte del edificio destinado a escuela de ni\u00f1as, habilit\u00e1ndose provisionalmente, una vez terminada esta primera construcci\u00f3n, como Capilla mientras se concluye la Iglesia.<\/p>\n<p style=\"text-align: left;\">Las obras se inician a tan buen ritmo que solamente tres meses despu\u00e9s, en el acta de la junta celebrada el 17 de Marzo de 1870, se deja constancia del j\u00fabilo con que fue acogida la noticia de la conclusi\u00f3n de la Capilla, acord\u00e1ndose verificar su inauguraci\u00f3n \u00abel d\u00eda 19 de Marzo, por ser la festividad del Santo Patriarca San Jos\u00e9, y onom\u00e1stica, por tanto, del Excmo. Sr. D. Jos\u00e9 de Salamanca, fundador y constructor del barrio\u00bb .(7)<\/p>\n<p style=\"text-align: left;\">Efectivamente, y cumpli\u00e9ndose las previsiones y deseos de ambas Juntas, dos d\u00edas m\u00e1s tarde se celebr\u00f3 la ceremonia de inauguraci\u00f3n, con una misa que fue cantada y solemne, pero sin serm\u00f3n, por carecer de p\u00falpito la Capilla. Asimismo se enton\u00f3 un Te Deum en acci\u00f3n de gracias, efectu\u00e1ndose seguidamente, con la misma solemnidad, el acto de colocaci\u00f3n de la primera piedra para el futuro Templo.<\/p>\n<p style=\"text-align: left;\">Sin pr\u00e1cticamente descanso prosiguieron los trabajos con gran entusiasmo y celo, y no hab\u00edan transcurrido a\u00fan nueve meses -concretamente el 5 de Diciembre de 1870- cuando el Conde de Alvar F\u00e1\u00f1ez remite al Excelent\u00edsimo Se\u00f1or Cardenal Arzobispo de Toledo, \u00abpor s\u00ed y en nombre de las Juntas Directivas de la Asociaci\u00f3n de la Pur\u00edsima Concepci\u00f3n\u00bb, escrito en el que ruega el permiso de la Autoridad eclesi\u00e1stica para abrir al culto el nuevo Templo coincidiendo con la festividad de la Inmaculada, y proponiendo al Excelent\u00edsimo Se\u00f1or D. Joaqu\u00edn Cafranga \u00abpara que la bendiga en tiempo oportuno\u00bb .(8)<\/p>\n<p style=\"text-align: left;\">A las peticiones formuladas por el Conde de Alvar F\u00e1\u00f1ez, contest\u00f3 afirmativamente el Cardenal Arzobispo mediante comunicaci\u00f3n oficial producida el 7 de diciembre de 1870 y cuyo texto transcribimos:<\/p>\n<p style=\"text-align: left;\">\u00abTeniendo en consideraci\u00f3n cuanto nos manifest\u00f3 el exponente por s\u00ed y a nombre de las Juntas Directivas de la Asociaci\u00f3n de la Pur\u00edsima Concepci\u00f3n, venimos a conceder la licencia que se solicita para que pueda abrirse al culto p\u00fablico la nueva Iglesia que mediante nuestra licencia han erigido en el barrio de Salamanca de esta Capital, debiendo previamente ser bendecida en la forma prescrita en el Ritual Romano por el Presb\u00edtero Excmo. Sr. Don Joaqu\u00edn Cafranga, a quien concedemos nuestras facultades a dicho efecto\u00bb. Terminaba as\u00ed, el 8 de diciembre de 1870, con la solemne bendici\u00f3n e inauguraci\u00f3n del Templo, una etapa de afanes y desvelos de un grupo de cat\u00f3licos que felizmente vieron coronado por el \u00e9xito sus esfuerzos y entusiasmo, sostenidos a lo largo de una de las \u00e9pocas m\u00e1s dif\u00edciles y conturbadas de las muchas que Madrid ha vivido a lo largo de su dilatada historia.<\/p>\n<p style=\"text-align: left;\">La parroquia de la Inmaculada Concepci\u00f3n fue filial de la de San Jos\u00e9, de la calle de Alcal\u00e1, hasta 1891, siendo por lo tanto sus p\u00e1rrocos durante este per\u00edodo los mismos que lo fueron de la de San Jos\u00e9: D. Antonio Chac\u00f3n y Mu\u00f1oz y D. Donato Gim\u00e9nez Romo.<\/p>\n<p style=\"text-align: left;\">En el a\u00f1o 1892 adquiere la Parroquia autonom\u00eda propia, y es nombrado p\u00e1rroco titular de la misma Don Saturnino Mart\u00ednBerdinos y Mar\u00edn, quien ejerci\u00f3 el cargo hasta su muerte, acaecida el 31 de enero de 1901.<br \/>Don Eustaquio N_O Mar\u00edn, que era cura Ec\u00f3nomo de Santa Mar\u00eda la Mayor, de Alcal\u00e1 de Henares, fue nombrado entonces Cura P\u00e1rroco de la Concepci\u00f3n de Nuestra Se\u00f1ora, tomando posesi\u00f3n del cargo el d\u00eda 2 de marzo de 1901.<\/p>\n<p>[\/et_pb_text][\/et_pb_column][\/et_pb_row][\/et_pb_section][et_pb_section fb_built=\u00bb1&#8243; admin_label=\u00bbEvents\u00bb _builder_version=\u00bb4.16&#8243; _module_preset=\u00bbdefault\u00bb background_color=\u00bb#F5F0EB\u00bb background_color_gradient_direction=\u00bb90deg\u00bb locked=\u00bboff\u00bb global_colors_info=\u00bb{}\u00bb][et_pb_row _builder_version=\u00bb4.16&#8243; _module_preset=\u00bbdefault\u00bb global_colors_info=\u00bb{}\u00bb][et_pb_column type=\u00bb4_4&#8243; _builder_version=\u00bb4.16&#8243; _module_preset=\u00bbdefault\u00bb global_colors_info=\u00bb{}\u00bb][et_pb_text _builder_version=\u00bb4.24.2&#8243; _module_preset=\u00bb003e9429-8e11-4d9e-968b-8881092bbf81&#8243; header_2_font=\u00bbRoboto|500|||||||\u00bb header_2_text_align=\u00bbcenter\u00bb header_2_text_color=\u00bb#000000&#8243; header_2_font_size=\u00bb40px\u00bb header_2_line_height=\u00bb1.2em\u00bb header_2_font_size_tablet=\u00bb30px\u00bb header_2_font_size_phone=\u00bb20px\u00bb header_2_font_size_last_edited=\u00bbon|desktop\u00bb locked=\u00bboff\u00bb global_colors_info=\u00bb{}\u00bb]<\/p>\n<h2>Se Construye un Nuevo Templo<\/h2>\n<p>[\/et_pb_text][\/et_pb_column][\/et_pb_row][et_pb_row _builder_version=\u00bb4.16&#8243; _module_preset=\u00bbdefault\u00bb background_enable_color=\u00bboff\u00bb global_colors_info=\u00bb{}\u00bb][et_pb_column type=\u00bb4_4&#8243; _builder_version=\u00bb4.16&#8243; _module_preset=\u00bbdefault\u00bb background_enable_image=\u00bboff\u00bb custom_padding_tablet=\u00bb|30px||30px|false|true\u00bb custom_padding_phone=\u00bb|20px||20px|false|true\u00bb custom_padding_last_edited=\u00bboff|desktop\u00bb global_colors_info=\u00bb{}\u00bb][et_pb_text _builder_version=\u00bb4.24.2&#8243; _module_preset=\u00bbdefault\u00bb global_colors_info=\u00bb{}\u00bb]<\/p>\n<p><strong>Treinta y un a\u00f1os despu\u00e9s de su inauguraci\u00f3n, el templo inicialmente construido en la esquina de las calles Hermosilla y Claudio Coello, era claramente insuficiente para albergar y prestar atenci\u00f3n espiritual y material a la feligres\u00eda de un barrio en notoria expansi\u00f3n como lo era el de Salamanca. Ello induce a su P\u00e1rroco, D. Eustaquio Nieto -quien posteriormente ocupar\u00eda la Sede Episcopal de Sig\u00fcenza-, a plantearse de manera tan ilusionada como decidida la construcci\u00f3n de una nueva iglesia, que permitiese un mayor y mejor desenvolvimiento de la vida parroquia!.<\/strong><\/p>\n<p><span class=\"cursiva\"><img loading=\"lazy\" decoding=\"async\" src=\"https:\/\/basilicaconcepcion.es\/wp-content\/uploads\/2024\/03\/historia_4.jpg\" width=\"239\" height=\"350\" alt=\"\" class=\"wp-image-243 alignleft size-full\" srcset=\"https:\/\/basilicaconcepcion.es\/wp-content\/uploads\/2024\/03\/historia_4.jpg 239w, https:\/\/basilicaconcepcion.es\/wp-content\/uploads\/2024\/03\/historia_4-205x300.jpg 205w\" sizes=\"(max-width: 239px) 100vw, 239px\" \/>\u00abComo apoyo efectivo a la idea de erigir un nuevo templo, el entonces P\u00e1rroco de La Concepci\u00f3n de Nuestra Se\u00f1ora constituye una Junta Parroquial presidida por la Excma. Se\u00f1ora Duquesa de la Victoria, la cual sintoniza plena e inmediatamente con el prop\u00f3sito de D. Eustaquio.<\/span><\/p>\n<p>Se inician as\u00ed las gestiones para dotar de un marco de operatividad real a lo que hasta entonces no hab\u00eda sido m\u00e1s que un vivo deseo, a la par que una necesidad profundamente sentida.<\/p>\n<p>La Junta Parroquial encarg\u00f3, pues, la realizaci\u00f3n de un proyecto de edificaci\u00f3n al arquitecto D. Eugenio Jim\u00e9nez Corera, proyecto que se hace llegar a D. Victoriano Guisasola, a la saz\u00f3n Obispo de la Di\u00f3cesis, quien desde el primer instante lo apoya y hace suyo. Tanto es as\u00ed, que en el oto\u00f1o de 1902 el Obispo Guisasola presenta pliego dirigido a la Secretar\u00eda del Ayuntamiento de Madrid, solicitando \u00ablicencia para construir un templo, y tira de cuerdas\u00bb .(9)<\/p>\n<p>Las razones aducidas por el Obispo, son las que quedaron recogidas de la manera siguiente en el archivo de la Secretar\u00eda del Ayuntamiento madrile\u00f1o:<\/p>\n<p>\u00abEn el nombre de Dios. As\u00ed dio principio, Se\u00f1ores, el diario de navegaci\u00f3n del inmortal Col\u00f3n, al partir del puerto de Palos en busca del nuevo mundo; y al buscar nosotros un sitio de recogimiento y devoci\u00f3n para consuelo de nuestras familias y convecinos de este barrio llamado de Salamanca, debemos imitar al gran navegante comenzando en el nombre de Dios esta obra de religiosidad cristiana, seguros de que el Se\u00f1or nos ayudar\u00e1 para su realizaci\u00f3n. La realizaci\u00f3n de una iglesia en el barrio de Salamanca, es tan apremiante como indispensable. Surtido ya el barrio de todo lo necesario a la vida material, es llegado el caso de ocupamos de la instrucci\u00f3n y alimento del alma, construyendo un Templo cat\u00f3lico, apost\u00f3lico, Romano&#8230;\u00bb(1)<span><\/span><\/p>\n<p><span>El acuerdo tomado por esta Junta Inaugural, consta literalmente as\u00ed en el Libro de Actas:<\/span><\/p>\n<p><span class=\"cursiva\">\u00abConsiderando insuficiente la capacidad del actual templo de la Concepci\u00f3n en el barrio de Salamanca, para las atenciones del culto cat\u00f3lico, se dirige a Vd. para proceder a la construcci\u00f3n de un nuevo Templo de mayores dimensiones, pabellones para mejor servicio de la Iglesia y verja de cerramiento, en la manzana 252 del Ensanche con fachada a Goya y N\u00fa\u00f1ez de Balboa, seg\u00fan se especifica en el proyecto\u00bb.<\/span><span><\/span><\/p>\n<p><span>Atendida que fue la solicitud, el d\u00eda 26 de diciembre de 1902 se coloc\u00f3 la primera piedra, que fue bendecida por el propio Obispo D. Victoriano Guisasola, con la asistencia al acto de SS.MM. el Rey D. Alfonso XIII y la Reina Madre D\u00f1a. Mar\u00eda Cristina.<\/span><br \/><span>Este primer proyecto del arquitecto Jim\u00e9nez Corera, pretend\u00eda realizar una iglesia cuyas caracter\u00edsticas m\u00e1s importantes y datos m\u00e1s significativos extractamos del mismo expediente que obra en el Archivo de Villa del Ayuntamiento de Madrid.<\/span><\/p>\n<p><span>La citada iglesia que se proyecta construir se emplazar\u00e1 en la manzana 252 del Ensanche de esta Capital, en la confluencia de las calles de Goya y N\u00fa\u00f1ez de Balboa; constar\u00e1 de tres naves \u00abaltas y bajas\u00bb, llevando en el testero dos cuerpos de edificaci\u00f3n o pabellones contiguos a la iglesia, en los cuales la planta baja se destinar\u00e1 a los servicios propios de la parroquia, parte de la principal para tribunas y el resto para habitaciones del p\u00e1rroco y otros sacerdotes adscritos.<\/span><\/p>\n<p><span>ucci\u00f3n estribar\u00e1 en cimentaciones de mamposter\u00eda de pedernal, con mortero de cal y arena, y z\u00f3calo de siller\u00eda, siendo el resto de piedra natural o artificial y f\u00e1brica de ladrillo \u00abseg\u00fan convenga\u00bb. Las b\u00f3vedas ser\u00e1n de doble tabicado de ladrillo y reforzados sus encuentros con aristones de hierro. El solado ser\u00e1 de losa caliza y los lienzos de las paredes e intrad\u00f3s de las b\u00f3vedas ir\u00e1n guarnecidos y blanqueados, llevando adem\u00e1s sus correspondientes corridos. Las vidrieras ir\u00e1n pintadas al \u00f3leo. El edificio ir\u00e1 rodeado de una verja de cerramiento que ser\u00e1 de hierro, pintada al \u00f3leo, sobre un basamento de siller\u00eda.O!)<\/span><\/p>\n<p><span>Fallecido D. Eugenio Jim\u00e9nez Corera e11? de mayo de 1910, se hizo cargo de los trabajos de construcci\u00f3n el tambi\u00e9n arquitecto D. Jes\u00fas Carrasco. Con tal motivo se celebr\u00f3 una reuni\u00f3n de la Junta Parroquial, acord\u00e1ndose en ella reformar el proyecto inicial con objeto de hacerlo m\u00e1s viable, puesto que el presupuesto para terminar el templo era de m\u00e1s de dos millones.<\/span><\/p>\n<p><span>Efectivamente, conservando las l\u00edneas generales, sustituyendo a las \u00e1reas y b\u00f3vedas de ladrillo el hierro y disminuyendo la ornamentaci\u00f3n exterior, se aprob\u00f3 el proyecto que hoy existe realizado como edificio.<\/span><\/p>\n<p>LAS CRIPTAs<span><\/span><\/p>\n<p><span>Pr\u00f3xima ya la conclusi\u00f3n de las obras, tras una decena de a\u00f1os de incesantes trabajos que hab\u00edan supuesto el tener que hacer frente a gastos innumerables, los fondos con que se contaba para las labores de edificaci\u00f3n y ornamento se encontraban, como es l\u00f3gico, considerablemente menguados.<\/span><\/p>\n<p><span>Deseosa la Junta Parroquial de poder culminar la construcci\u00f3n del edificio sin m\u00e1s supresiones que pudieran mermar la armon\u00eda del conjunto, acord\u00f3 la construcci\u00f3n de una cripta cuyo espacio, convenientemente dividido, servir\u00eda para el enterramiento de quienes, con su importante donativo, contribuyesen a posibilitar la finalizaci\u00f3n de las obras.<\/span><\/p>\n<p><span>Para llevar felizmente a cabo el acuerdo de la Junta, hubo de procederse al vaciado de todas las naves hasta una profundidad de 3,50 metros.<\/span><\/p>\n<p><span>Estos nuevos trabajos revistieron una gran dificultad, puesto que la construcci\u00f3n hab\u00eda sido proyectada sin contar con su realizaci\u00f3n y, por otra parte, el edificio se encontraba ya terminado e incluso sus muros pintados.<\/span><\/p>\n<p><span>Como muy s\u00f3lida, pues, puede considerarse la construcci\u00f3n de la cripta, que posee un pasillo central a todo lo largo de la Iglesia, estando las distintas \u00abcapillas\u00bb distribuidas a ambos lados del mismo.&gt;<\/span><\/p>\n<p><span>No se encuentra abierta al p\u00fablico m\u00e1s que los d\u00edas 1 y 2 de noviembre, festividades de Todos los Santos y de los Fieles Difuntos, respectivamente.<\/span><\/p>\n<p><span class=\"destaca cursiva\">\u00abUN D\u00cdA VERDADERAMENTE HIST\u00d3RICO\u00bb<\/span><span><\/span><\/p>\n<p><span>Terminadas las obras sin ning\u00fan otro tipo de modificaciones o alteraciones dignas de ser mencionadas, el 11 de mayo de 1914, con asistencia de SS.MM.los Reyes y de SS.AA.RR. D\u00f1a. Isabel, D. Carlos y D. Fernando, el Excmo. y Rvdmo. Sr. D. Jos\u00e9 Mar\u00eda Salvador y Barrera, Obispo de MadridAlcal\u00e1, bendijo e inaugur\u00f3 el nuevo templo dedicado a la Concepci\u00f3n Inmaculada de Nuestra Se\u00f1ora.<\/span><\/p>\n<p><span>Como pudo leerse en la informaci\u00f3n editada por la comunidad sacerdotal de la parroquia con motivo de la celebraci\u00f3n del 75\u00b0 aniversario de tan fausta efemeride, aquel 11 de mayo de 1914 <\/span><span class=\"cursiva\">\u00abfue un d\u00eda verdaderamente hist\u00f3rico para la Di\u00f3cesis y, sobre todo, para el Barrio de Salamanca, que se vi\u00f3 enriquecido con este templo neog\u00f3tico\u00bb.<\/span><\/p>\n<p>[\/et_pb_text][\/et_pb_column][\/et_pb_row][\/et_pb_section][et_pb_section fb_built=\u00bb1&#8243; admin_label=\u00bbCall to Action\u00bb _builder_version=\u00bb4.16&#8243; _module_preset=\u00bbdefault\u00bb custom_padding=\u00bb||120px||false|false\u00bb global_colors_info=\u00bb{}\u00bb][et_pb_row use_custom_gutter=\u00bbon\u00bb gutter_width=\u00bb1&#8243; make_equal=\u00bbon\u00bb _builder_version=\u00bb4.24.2&#8243; _module_preset=\u00bbdefault\u00bb custom_padding=\u00bb||||false|false\u00bb global_colors_info=\u00bb{}\u00bb][et_pb_column type=\u00bb4_4&#8243; _builder_version=\u00bb4.24.2&#8243; _module_preset=\u00bbdefault\u00bb background_color=\u00bb#0C71C3&#8243; custom_padding=\u00bb40px|40px|40px|40px|true|true\u00bb custom_padding_tablet=\u00bb30px|30px|30px|30px|true|true\u00bb custom_padding_phone=\u00bb20px|20px|20px|20px|true|true\u00bb custom_padding_last_edited=\u00bbon|phone\u00bb global_colors_info=\u00bb{}\u00bb][et_pb_text _builder_version=\u00bb4.24.2&#8243; _module_preset=\u00bb003e9429-8e11-4d9e-968b-8881092bbf81&#8243; text_text_color=\u00bb#FFFFFF\u00bb header_text_color=\u00bb#FFFFFF\u00bb header_2_font=\u00bbRoboto|500|||||||\u00bb header_2_text_align=\u00bbcenter\u00bb header_2_text_color=\u00bb#000000&#8243; header_2_font_size=\u00bb40px\u00bb header_2_line_height=\u00bb1.2em\u00bb header_2_font_size_tablet=\u00bb30px\u00bb header_2_font_size_phone=\u00bb20px\u00bb header_2_font_size_last_edited=\u00bbon|desktop\u00bb locked=\u00bboff\u00bb global_colors_info=\u00bb{}\u00bb]<\/p>\n<h2><span style=\"color: #ffffff;\">Galer\u00eda de im\u00e1genes<\/span><\/h2>\n<p>[\/et_pb_text][et_pb_gallery gallery_ids=\u00bb253,264,260,276,254,255,256,257,258,259,261,262,263,265,266,267,268,269,270,271,272,273,274,275,277,278,279,280,281,282,283,284,285,286,287,288,289&#8243; show_title_and_caption=\u00bboff\u00bb _builder_version=\u00bb4.24.2&#8243; _module_preset=\u00bbdefault\u00bb pagination_text_color=\u00bb#FFFFFF\u00bb global_colors_info=\u00bb{}\u00bb][\/et_pb_gallery][\/et_pb_column][\/et_pb_row][\/et_pb_section]<\/p>\n","protected":false},"excerpt":{"rendered":"<p>HISTORIAUna Parroquia en Madrid dedicada a La Concepci\u00f3n Inmaculada de Nuestra Se\u00f1oraTres lustros hab\u00edan pasado desde la proclamaci\u00f3n por el Papa P\u00edo IX del Dogma de la Inmaculada Concepci\u00f3n de la Virgen Mar\u00eda, cuando se plantea en Madrid la construcci\u00f3n de una parroquia consagrada a este Sagrado Misterio. La capital era en los meses finales [&hellip;]<\/p>\n","protected":false},"author":2,"featured_media":0,"parent":0,"menu_order":0,"comment_status":"closed","ping_status":"closed","template":"","meta":{"_et_pb_use_builder":"on","_et_pb_old_content":"","_et_gb_content_width":"","footnotes":""},"class_list":["post-235","page","type-page","status-publish","hentry"],"yoast_head":"<!-- This site is optimized with the Yoast SEO plugin v26.5 - https:\/\/yoast.com\/wordpress\/plugins\/seo\/ -->\n<title>Historia - Bas\u00edlica de la Concepci\u00f3n<\/title>\n<meta name=\"robots\" content=\"index, follow, max-snippet:-1, max-image-preview:large, max-video-preview:-1\" \/>\n<link rel=\"canonical\" href=\"https:\/\/basilicaconcepcion.es\/index.php\/historia\/\" \/>\n<meta property=\"og:locale\" content=\"es_ES\" \/>\n<meta property=\"og:type\" content=\"article\" \/>\n<meta property=\"og:title\" content=\"Historia - Bas\u00edlica de la Concepci\u00f3n\" \/>\n<meta property=\"og:description\" content=\"HISTORIAUna Parroquia en Madrid dedicada a La Concepci\u00f3n Inmaculada de Nuestra Se\u00f1oraTres lustros hab\u00edan pasado desde la proclamaci\u00f3n por el Papa P\u00edo IX del Dogma de la Inmaculada Concepci\u00f3n de la Virgen Mar\u00eda, cuando se plantea en Madrid la construcci\u00f3n de una parroquia consagrada a este Sagrado Misterio. La capital era en los meses finales [&hellip;]\" \/>\n<meta property=\"og:url\" content=\"https:\/\/basilicaconcepcion.es\/index.php\/historia\/\" \/>\n<meta property=\"og:site_name\" content=\"Bas\u00edlica de la Concepci\u00f3n\" \/>\n<meta property=\"article:modified_time\" content=\"2024-05-08T10:49:25+00:00\" \/>\n<meta property=\"og:image\" content=\"https:\/\/basilicaconcepcion.es\/wp-content\/uploads\/2024\/03\/historia_1.jpg\" \/>\n<meta name=\"twitter:card\" content=\"summary_large_image\" \/>\n<script type=\"application\/ld+json\" class=\"yoast-schema-graph\">{\"@context\":\"https:\/\/schema.org\",\"@graph\":[{\"@type\":\"WebPage\",\"@id\":\"https:\/\/basilicaconcepcion.es\/index.php\/historia\/\",\"url\":\"https:\/\/basilicaconcepcion.es\/index.php\/historia\/\",\"name\":\"Historia - Bas\u00edlica de la Concepci\u00f3n\",\"isPartOf\":{\"@id\":\"https:\/\/basilicaconcepcion.es\/#website\"},\"primaryImageOfPage\":{\"@id\":\"https:\/\/basilicaconcepcion.es\/index.php\/historia\/#primaryimage\"},\"image\":{\"@id\":\"https:\/\/basilicaconcepcion.es\/index.php\/historia\/#primaryimage\"},\"thumbnailUrl\":\"https:\/\/basilicaconcepcion.es\/wp-content\/uploads\/2024\/03\/historia_1.jpg\",\"datePublished\":\"2024-03-21T09:20:37+00:00\",\"dateModified\":\"2024-05-08T10:49:25+00:00\",\"breadcrumb\":{\"@id\":\"https:\/\/basilicaconcepcion.es\/index.php\/historia\/#breadcrumb\"},\"inLanguage\":\"es\",\"potentialAction\":[{\"@type\":\"ReadAction\",\"target\":[\"https:\/\/basilicaconcepcion.es\/index.php\/historia\/\"]}]},{\"@type\":\"ImageObject\",\"inLanguage\":\"es\",\"@id\":\"https:\/\/basilicaconcepcion.es\/index.php\/historia\/#primaryimage\",\"url\":\"https:\/\/basilicaconcepcion.es\/wp-content\/uploads\/2024\/03\/historia_1.jpg\",\"contentUrl\":\"https:\/\/basilicaconcepcion.es\/wp-content\/uploads\/2024\/03\/historia_1.jpg\",\"width\":262,\"height\":170},{\"@type\":\"BreadcrumbList\",\"@id\":\"https:\/\/basilicaconcepcion.es\/index.php\/historia\/#breadcrumb\",\"itemListElement\":[{\"@type\":\"ListItem\",\"position\":1,\"name\":\"Portada\",\"item\":\"https:\/\/basilicaconcepcion.es\/\"},{\"@type\":\"ListItem\",\"position\":2,\"name\":\"Historia\"}]},{\"@type\":\"WebSite\",\"@id\":\"https:\/\/basilicaconcepcion.es\/#website\",\"url\":\"https:\/\/basilicaconcepcion.es\/\",\"name\":\"Bas\u00edlica de la Concepci\u00f3n\",\"description\":\"\",\"potentialAction\":[{\"@type\":\"SearchAction\",\"target\":{\"@type\":\"EntryPoint\",\"urlTemplate\":\"https:\/\/basilicaconcepcion.es\/?s={search_term_string}\"},\"query-input\":{\"@type\":\"PropertyValueSpecification\",\"valueRequired\":true,\"valueName\":\"search_term_string\"}}],\"inLanguage\":\"es\"}]}<\/script>\n<!-- \/ Yoast SEO plugin. -->","yoast_head_json":{"title":"Historia - Bas\u00edlica de la Concepci\u00f3n","robots":{"index":"index","follow":"follow","max-snippet":"max-snippet:-1","max-image-preview":"max-image-preview:large","max-video-preview":"max-video-preview:-1"},"canonical":"https:\/\/basilicaconcepcion.es\/index.php\/historia\/","og_locale":"es_ES","og_type":"article","og_title":"Historia - Bas\u00edlica de la Concepci\u00f3n","og_description":"HISTORIAUna Parroquia en Madrid dedicada a La Concepci\u00f3n Inmaculada de Nuestra Se\u00f1oraTres lustros hab\u00edan pasado desde la proclamaci\u00f3n por el Papa P\u00edo IX del Dogma de la Inmaculada Concepci\u00f3n de la Virgen Mar\u00eda, cuando se plantea en Madrid la construcci\u00f3n de una parroquia consagrada a este Sagrado Misterio. La capital era en los meses finales [&hellip;]","og_url":"https:\/\/basilicaconcepcion.es\/index.php\/historia\/","og_site_name":"Bas\u00edlica de la Concepci\u00f3n","article_modified_time":"2024-05-08T10:49:25+00:00","og_image":[{"url":"https:\/\/basilicaconcepcion.es\/wp-content\/uploads\/2024\/03\/historia_1.jpg","type":"","width":"","height":""}],"twitter_card":"summary_large_image","schema":{"@context":"https:\/\/schema.org","@graph":[{"@type":"WebPage","@id":"https:\/\/basilicaconcepcion.es\/index.php\/historia\/","url":"https:\/\/basilicaconcepcion.es\/index.php\/historia\/","name":"Historia - Bas\u00edlica de la Concepci\u00f3n","isPartOf":{"@id":"https:\/\/basilicaconcepcion.es\/#website"},"primaryImageOfPage":{"@id":"https:\/\/basilicaconcepcion.es\/index.php\/historia\/#primaryimage"},"image":{"@id":"https:\/\/basilicaconcepcion.es\/index.php\/historia\/#primaryimage"},"thumbnailUrl":"https:\/\/basilicaconcepcion.es\/wp-content\/uploads\/2024\/03\/historia_1.jpg","datePublished":"2024-03-21T09:20:37+00:00","dateModified":"2024-05-08T10:49:25+00:00","breadcrumb":{"@id":"https:\/\/basilicaconcepcion.es\/index.php\/historia\/#breadcrumb"},"inLanguage":"es","potentialAction":[{"@type":"ReadAction","target":["https:\/\/basilicaconcepcion.es\/index.php\/historia\/"]}]},{"@type":"ImageObject","inLanguage":"es","@id":"https:\/\/basilicaconcepcion.es\/index.php\/historia\/#primaryimage","url":"https:\/\/basilicaconcepcion.es\/wp-content\/uploads\/2024\/03\/historia_1.jpg","contentUrl":"https:\/\/basilicaconcepcion.es\/wp-content\/uploads\/2024\/03\/historia_1.jpg","width":262,"height":170},{"@type":"BreadcrumbList","@id":"https:\/\/basilicaconcepcion.es\/index.php\/historia\/#breadcrumb","itemListElement":[{"@type":"ListItem","position":1,"name":"Portada","item":"https:\/\/basilicaconcepcion.es\/"},{"@type":"ListItem","position":2,"name":"Historia"}]},{"@type":"WebSite","@id":"https:\/\/basilicaconcepcion.es\/#website","url":"https:\/\/basilicaconcepcion.es\/","name":"Bas\u00edlica de la Concepci\u00f3n","description":"","potentialAction":[{"@type":"SearchAction","target":{"@type":"EntryPoint","urlTemplate":"https:\/\/basilicaconcepcion.es\/?s={search_term_string}"},"query-input":{"@type":"PropertyValueSpecification","valueRequired":true,"valueName":"search_term_string"}}],"inLanguage":"es"}]}},"_links":{"self":[{"href":"https:\/\/basilicaconcepcion.es\/index.php\/wp-json\/wp\/v2\/pages\/235","targetHints":{"allow":["GET"]}}],"collection":[{"href":"https:\/\/basilicaconcepcion.es\/index.php\/wp-json\/wp\/v2\/pages"}],"about":[{"href":"https:\/\/basilicaconcepcion.es\/index.php\/wp-json\/wp\/v2\/types\/page"}],"author":[{"embeddable":true,"href":"https:\/\/basilicaconcepcion.es\/index.php\/wp-json\/wp\/v2\/users\/2"}],"replies":[{"embeddable":true,"href":"https:\/\/basilicaconcepcion.es\/index.php\/wp-json\/wp\/v2\/comments?post=235"}],"version-history":[{"count":10,"href":"https:\/\/basilicaconcepcion.es\/index.php\/wp-json\/wp\/v2\/pages\/235\/revisions"}],"predecessor-version":[{"id":361,"href":"https:\/\/basilicaconcepcion.es\/index.php\/wp-json\/wp\/v2\/pages\/235\/revisions\/361"}],"wp:attachment":[{"href":"https:\/\/basilicaconcepcion.es\/index.php\/wp-json\/wp\/v2\/media?parent=235"}],"curies":[{"name":"wp","href":"https:\/\/api.w.org\/{rel}","templated":true}]}}