{"version":"1.0","provider_name":"Bas\u00edlica de la Concepci\u00f3n ","provider_url":"https:\/\/basilicaconcepcion.es","title":"Fiesta de san Jos\u00e9 obrero (1 de Mayo) - Bas\u00edlica de la Concepci\u00f3n","type":"rich","width":600,"height":338,"html":"<blockquote class=\"wp-embedded-content\" data-secret=\"zfb7BjDDHs\"><a href=\"https:\/\/basilicaconcepcion.es\/index.php\/2025\/04\/27\/fiesta-de-san-jose-obrero-1-de-mayo\/\">Fiesta de san Jos\u00e9 obrero (1 de Mayo)<\/a><\/blockquote><iframe sandbox=\"allow-scripts\" security=\"restricted\" src=\"https:\/\/basilicaconcepcion.es\/index.php\/2025\/04\/27\/fiesta-de-san-jose-obrero-1-de-mayo\/embed\/#?secret=zfb7BjDDHs\" width=\"600\" height=\"338\" title=\"\u00abFiesta de san Jos\u00e9 obrero (1 de Mayo)\u00bb \u2014 Bas\u00edlica de la Concepci\u00f3n \" data-secret=\"zfb7BjDDHs\" frameborder=\"0\" marginwidth=\"0\" marginheight=\"0\" scrolling=\"no\" class=\"wp-embedded-content\"><\/iframe><script type=\"text\/javascript\">\n\/* <![CDATA[ *\/\n\/*! This file is auto-generated *\/\n!function(d,l){\"use strict\";l.querySelector&&d.addEventListener&&\"undefined\"!=typeof URL&&(d.wp=d.wp||{},d.wp.receiveEmbedMessage||(d.wp.receiveEmbedMessage=function(e){var t=e.data;if((t||t.secret||t.message||t.value)&&!\/[^a-zA-Z0-9]\/.test(t.secret)){for(var s,r,n,a=l.querySelectorAll('iframe[data-secret=\"'+t.secret+'\"]'),o=l.querySelectorAll('blockquote[data-secret=\"'+t.secret+'\"]'),c=new RegExp(\"^https?:$\",\"i\"),i=0;i<o.length;i++)o[i].style.display=\"none\";for(i=0;i<a.length;i++)s=a[i],e.source===s.contentWindow&&(s.removeAttribute(\"style\"),\"height\"===t.message?(1e3<(r=parseInt(t.value,10))?r=1e3:~~r<200&&(r=200),s.height=r):\"link\"===t.message&&(r=new URL(s.getAttribute(\"src\")),n=new URL(t.value),c.test(n.protocol))&&n.host===r.host&&l.activeElement===s&&(d.top.location.href=t.value))}},d.addEventListener(\"message\",d.wp.receiveEmbedMessage,!1),l.addEventListener(\"DOMContentLoaded\",function(){for(var e,t,s=l.querySelectorAll(\"iframe.wp-embedded-content\"),r=0;r<s.length;r++)(t=(e=s[r]).getAttribute(\"data-secret\"))||(t=Math.random().toString(36).substring(2,12),e.src+=\"#?secret=\"+t,e.setAttribute(\"data-secret\",t)),e.contentWindow.postMessage({message:\"ready\",secret:t},\"*\")},!1)))}(window,document);\n\/\/# sourceURL=https:\/\/basilicaconcepcion.es\/wp-includes\/js\/wp-embed.min.js\n\/* ]]> *\/\n<\/script>\n","thumbnail_url":"https:\/\/basilicaconcepcion.es\/wp-content\/uploads\/2025\/04\/san-jose-obrero.webp","thumbnail_width":1200,"thumbnail_height":900,"description":"La festividad de san Jos\u00e9 obrero, 1 Mayo, no es precepto. Por ser tambi\u00e9n fiesta civil no habr\u00e1 misa de 8 de la ma\u00f1ana. Los horarios ser\u00e1n los siguientes: Ma\u00f1ana 9,10,11,12,13 Tarde 19:00, 20:30 El 2 de Mayo tendremos los mismos horarios Ma\u00f1ana 9,10,11,12,13 Tarde 19:00, 20:30"}